{"id":7348,"date":"2025-09-18T11:11:02","date_gmt":"2025-09-18T09:11:02","guid":{"rendered":"https:\/\/www.bad-sachsa.de\/concert-summer\/"},"modified":"2026-09-03T08:01:34","modified_gmt":"2026-09-03T06:01:34","slug":"concert-summer","status":"publish","type":"page","link":"https:\/\/www.bad-sachsa.de\/en\/concert-summer\/","title":{"rendered":"Concert Summer"},"content":{"rendered":"\t\t<div data-elementor-type=\"wp-page\" data-elementor-id=\"7348\" class=\"elementor elementor-7348 elementor-920\" data-elementor-post-type=\"page\">\n\t\t\t\t<div class=\"elementor-element elementor-element-5a030ba e-con-full e-flex e-con e-parent\" data-id=\"5a030ba\" data-element_type=\"container\" data-e-type=\"container\" data-settings=\"{&quot;background_background&quot;:&quot;classic&quot;}\">\n\t\t\t\t<\/div>\n\t\t<div class=\"elementor-element elementor-element-d6d469c e-flex e-con-boxed e-con e-parent\" data-id=\"d6d469c\" data-element_type=\"container\" data-e-type=\"container\">\n\t\t\t\t\t<div class=\"e-con-inner\">\n\t\t<div class=\"elementor-element elementor-element-6c57036 e-con-full e-flex e-con e-child\" data-id=\"6c57036\" data-element_type=\"container\" data-e-type=\"container\">\n\t\t\t\t<div class=\"elementor-element elementor-element-28eb82d elementor-widget elementor-widget-spacer\" data-id=\"28eb82d\" data-element_type=\"widget\" data-e-type=\"widget\" data-widget_type=\"spacer.default\">\n\t\t\t\t<div class=\"elementor-widget-container\">\n\t\t\t\t\t\t\t<div class=\"elementor-spacer\">\n\t\t\t<div class=\"elementor-spacer-inner\"><\/div>\n\t\t<\/div>\n\t\t\t\t\t\t<\/div>\n\t\t\t\t<\/div>\n\t\t\t\t<div class=\"elementor-element elementor-element-00f1b96 elementor-widget elementor-widget-heading\" data-id=\"00f1b96\" data-element_type=\"widget\" data-e-type=\"widget\" data-widget_type=\"heading.default\">\n\t\t\t\t<div class=\"elementor-widget-container\">\n\t\t\t\t\t<h1 class=\"elementor-heading-title elementor-size-default\">Bad Sachsa Summer Concert Series<\/h1>\t\t\t\t<\/div>\n\t\t\t\t<\/div>\n\t\t\t\t<div class=\"elementor-element elementor-element-f6230c1 elementor-widget-divider--view-line elementor-widget elementor-widget-divider\" data-id=\"f6230c1\" data-element_type=\"widget\" data-e-type=\"widget\" data-widget_type=\"divider.default\">\n\t\t\t\t<div class=\"elementor-widget-container\">\n\t\t\t\t\t\t\t<div class=\"elementor-divider\">\n\t\t\t<span class=\"elementor-divider-separator\">\n\t\t\t\t\t\t<\/span>\n\t\t<\/div>\n\t\t\t\t\t\t<\/div>\n\t\t\t\t<\/div>\n\t\t\t\t<div class=\"elementor-element elementor-element-3947613 elementor-widget elementor-widget-text-editor\" data-id=\"3947613\" data-element_type=\"widget\" data-e-type=\"widget\" data-widget_type=\"text-editor.default\">\n\t\t\t\t<div class=\"elementor-widget-container\">\n\t\t\t\t\t\t\t\t\t<h2>The legendary series of events featuring music and entertainment<\/h2>\t\t\t\t\t\t\t\t<\/div>\n\t\t\t\t<\/div>\n\t\t\t\t<div class=\"elementor-element elementor-element-392a88c elementor-widget elementor-widget-text-editor\" data-id=\"392a88c\" data-element_type=\"widget\" data-e-type=\"widget\" data-widget_type=\"text-editor.default\">\n\t\t\t\t<div class=\"elementor-widget-container\">\n\t\t\t\t\t\t\t\t\t<p>In the summer of 2026, there will once again be fantastic concerts as part of the KonzertSommer festival in Bad Sachsa. Various artists will create a lively atmosphere with spectacular music at the <a href=\"https:\/\/www.bad-sachsa.de\/en\/vitalpark\/\"><strong>Vitalpark Bad Sachsa<\/strong><\/a> or at the <strong><a href=\"https:\/\/www.bad-sachsa.de\/en\/spa-center\/\" data-wplink-edit=\"true\">Kursaal Bad Sachsa<\/a><\/strong>. Accompanied by beautiful music, all guests can enjoy the cozy and atmospheric setting.  <\/p><p>Dieter Neumann will kick things off with a reading. You can also look forward to a varied program featuring Mario Becker, Oliver J\u00e4ger, and the St. Nikolai Brass Choir from Bad Sachsa. <\/p><p>Admission to our summer concert events is free.<\/p>\t\t\t\t\t\t\t\t<\/div>\n\t\t\t\t<\/div>\n\t\t\t\t<\/div>\n\t\t\t\t\t<\/div>\n\t\t\t\t<\/div>\n\t\t<div class=\"elementor-element elementor-element-58a0d21 e-flex e-con-boxed e-con e-parent\" data-id=\"58a0d21\" data-element_type=\"container\" data-e-type=\"container\">\n\t\t\t\t\t<div class=\"e-con-inner\">\n\t\t\t\t<div class=\"elementor-element elementor-element-b341b2c elementor-widget elementor-widget-heading\" data-id=\"b341b2c\" data-element_type=\"widget\" data-e-type=\"widget\" data-widget_type=\"heading.default\">\n\t\t\t\t<div class=\"elementor-widget-container\">\n\t\t\t\t\t<h3 class=\"elementor-heading-title elementor-size-default\">An Overview of All KonzertSommer Events<\/h3>\t\t\t\t<\/div>\n\t\t\t\t<\/div>\n\t\t\t\t\t<\/div>\n\t\t\t\t<\/div>\n\t\t<div class=\"elementor-element elementor-element-e2aa3af e-con-full e-flex e-con e-parent\" data-id=\"e2aa3af\" data-element_type=\"container\" data-e-type=\"container\">\n\t\t<div class=\"elementor-element elementor-element-195f53c e-con-full e-flex e-con e-child\" data-id=\"195f53c\" data-element_type=\"container\" data-e-type=\"container\">\n\t\t<div class=\"elementor-element elementor-element-b4a9d45 e-con-full e-flex e-con e-child\" data-id=\"b4a9d45\" data-element_type=\"container\" data-e-type=\"container\" data-settings=\"{&quot;background_background&quot;:&quot;classic&quot;}\">\n\t\t\t\t<\/div>\n\t\t<div class=\"elementor-element elementor-element-6591d02 e-con-full e-flex e-con e-child\" data-id=\"6591d02\" data-element_type=\"container\" data-e-type=\"container\">\n\t\t\t\t<div class=\"elementor-element elementor-element-6161bcb elementor-widget elementor-widget-gva-heading-block\" data-id=\"6161bcb\" data-element_type=\"widget\" data-e-type=\"widget\" data-widget_type=\"gva-heading-block.default\">\n\t\t\t\t<div class=\"elementor-widget-container\">\n\t\t\t\t\t<div class=\"gva-element-gva-heading-block gva-element\">   <div class=\"align-left style-2 widget gsc-heading box-align-left auto-responsive\">\r\n      <div class=\"content-inner\">\r\n         \r\n                  \r\n         <div class=\"sub-title\"><span class=\"tagline\">B\u00fccherSommer: 23. April 2026<\/span><\/div>  \r\n         \r\n                     <h5 class=\"title\">\r\n               <span>Lesung \"Im Sog der Zersetzung\" mit H. Dieter Neumann<\/span>\r\n            <\/h5>\r\n                  \r\n                     <div class=\"title-desc\"><ul><li>Ort: Blauer Salon im Kurhaus<\/li><li>Wann: 23.04.2026<\/li>\n<li>Uhrzeit: 18 - 19.30 Uhr<\/li>\n<li>Autor H. Dieter Neumann liest aus seinem neuen Roman<\/li>\n<li>Polithriller \u00fcber Medienmacht, Manipulation und die dunklen Fronten eines hybriden Krieges zwischen Ost und West<\/li>\n<li>anschlie\u00dfende Fragerunde und Buchsignierung<\/li>\n<li>Kosten: Eintritt frei<\/li><\/div>\r\n         \r\n         \r\n      <\/div>\r\n   <\/div>\r\n<\/div>\t\t\t\t<\/div>\n\t\t\t\t<\/div>\n\t\t\t\t<div class=\"elementor-element elementor-element-5aa1ce8 elementor-icon-list--layout-traditional elementor-list-item-link-full_width elementor-widget elementor-widget-icon-list\" data-id=\"5aa1ce8\" data-element_type=\"widget\" data-e-type=\"widget\" data-widget_type=\"icon-list.default\">\n\t\t\t\t<div class=\"elementor-widget-container\">\n\t\t\t\t\t\t\t<ul class=\"elementor-icon-list-items\">\n\t\t\t\t\t\t\t<li class=\"elementor-icon-list-item\">\n\t\t\t\t\t\t\t\t\t\t\t<a href=\"\/wp-content\/uploads\/sites\/4\/2026\/05\/Plakat_buechersommer_23-april-2026.pdf\">\n\n\t\t\t\t\t\t\t\t\t\t\t\t<span class=\"elementor-icon-list-icon\">\n\t\t\t\t\t\t\t<svg aria-hidden=\"true\" class=\"e-font-icon-svg e-far-arrow-alt-circle-right\" viewBox=\"0 0 512 512\" xmlns=\"http:\/\/www.w3.org\/2000\/svg\"><path d=\"M504 256C504 119 393 8 256 8S8 119 8 256s111 248 248 248 248-111 248-248zm-448 0c0-110.5 89.5-200 200-200s200 89.5 200 200-89.5 200-200 200S56 366.5 56 256zm72 20v-40c0-6.6 5.4-12 12-12h116v-67c0-10.7 12.9-16 20.5-8.5l99 99c4.7 4.7 4.7 12.3 0 17l-99 99c-7.6 7.6-20.5 2.2-20.5-8.5v-67H140c-6.6 0-12-5.4-12-12z\"><\/path><\/svg>\t\t\t\t\t\t<\/span>\n\t\t\t\t\t\t\t\t\t\t<span class=\"elementor-icon-list-text\">Download the poster (PDF)<\/span>\n\t\t\t\t\t\t\t\t\t\t\t<\/a>\n\t\t\t\t\t\t\t\t\t<\/li>\n\t\t\t\t\t\t<\/ul>\n\t\t\t\t\t\t<\/div>\n\t\t\t\t<\/div>\n\t\t\t\t<\/div>\n\t\t\t\t<\/div>\n\t\t\t\t<\/div>\n\t\t<div class=\"elementor-element elementor-element-4683e20 e-con-full e-flex e-con e-parent\" data-id=\"4683e20\" data-element_type=\"container\" data-e-type=\"container\">\n\t\t<div class=\"elementor-element elementor-element-e472525 e-con-full e-flex e-con e-child\" data-id=\"e472525\" data-element_type=\"container\" data-e-type=\"container\">\n\t\t\t\t<div class=\"elementor-element elementor-element-9c0cd88 elementor-widget elementor-widget-gva-heading-block\" data-id=\"9c0cd88\" data-element_type=\"widget\" data-e-type=\"widget\" data-widget_type=\"gva-heading-block.default\">\n\t\t\t\t<div class=\"elementor-widget-container\">\n\t\t\t\t\t<div class=\"gva-element-gva-heading-block gva-element\">   <div class=\"align-left style-2 widget gsc-heading box-align-left auto-responsive\">\r\n      <div class=\"content-inner\">\r\n         \r\n                  \r\n         <div class=\"sub-title\"><span class=\"tagline\">KonzertSommer: 3. Juli 2026<\/span><\/div>  \r\n         \r\n                     <h5 class=\"title\">\r\n               <span>Livemusik mit Oliver Jaeger<\/span>\r\n            <\/h5>\r\n                  \r\n                     <div class=\"title-desc\"><ul><li>Ort: Blauer Salon im Kurhaus<\/li><li>Wann: 03.07.2026<\/li>\n<li>Uhrzeit: 19 - 20.30 Uhr<\/li>\n<li>Musik: Einzigartige Sympohnetta und Gitarre<\/li>\n<li>Er f\u00fchrt musikalisch durch Spanien und Portugal bis nach Lateinamerika inspiriert von Flamenco, Fado, Tango uns klassischer Musik<\/li>\n<li>Kosten: Eintritt frei<\/li>\n    \n\n<\/div>\r\n         \r\n         \r\n      <\/div>\r\n   <\/div>\r\n<\/div>\t\t\t\t<\/div>\n\t\t\t\t<\/div>\n\t\t\t\t<div class=\"elementor-element elementor-element-ed7fd6a elementor-icon-list--layout-traditional elementor-list-item-link-full_width elementor-widget elementor-widget-icon-list\" data-id=\"ed7fd6a\" data-element_type=\"widget\" data-e-type=\"widget\" data-widget_type=\"icon-list.default\">\n\t\t\t\t<div class=\"elementor-widget-container\">\n\t\t\t\t\t\t\t<ul class=\"elementor-icon-list-items\">\n\t\t\t\t\t\t\t<li class=\"elementor-icon-list-item\">\n\t\t\t\t\t\t\t\t\t\t\t<a href=\"\/wp-content\/uploads\/sites\/4\/2026\/05\/Plakat_konzertsommer_03-juli-2026.pdf\">\n\n\t\t\t\t\t\t\t\t\t\t\t\t<span class=\"elementor-icon-list-icon\">\n\t\t\t\t\t\t\t<svg aria-hidden=\"true\" class=\"e-font-icon-svg e-far-arrow-alt-circle-right\" viewBox=\"0 0 512 512\" xmlns=\"http:\/\/www.w3.org\/2000\/svg\"><path d=\"M504 256C504 119 393 8 256 8S8 119 8 256s111 248 248 248 248-111 248-248zm-448 0c0-110.5 89.5-200 200-200s200 89.5 200 200-89.5 200-200 200S56 366.5 56 256zm72 20v-40c0-6.6 5.4-12 12-12h116v-67c0-10.7 12.9-16 20.5-8.5l99 99c4.7 4.7 4.7 12.3 0 17l-99 99c-7.6 7.6-20.5 2.2-20.5-8.5v-67H140c-6.6 0-12-5.4-12-12z\"><\/path><\/svg>\t\t\t\t\t\t<\/span>\n\t\t\t\t\t\t\t\t\t\t<span class=\"elementor-icon-list-text\">Download the poster (PDF)<\/span>\n\t\t\t\t\t\t\t\t\t\t\t<\/a>\n\t\t\t\t\t\t\t\t\t<\/li>\n\t\t\t\t\t\t<\/ul>\n\t\t\t\t\t\t<\/div>\n\t\t\t\t<\/div>\n\t\t\t\t<\/div>\n\t\t<div class=\"elementor-element elementor-element-87a9c4d e-con-full e-flex e-con e-child\" data-id=\"87a9c4d\" data-element_type=\"container\" data-e-type=\"container\" data-settings=\"{&quot;background_background&quot;:&quot;classic&quot;}\">\n\t\t\t\t<\/div>\n\t\t\t\t<\/div>\n\t\t<div class=\"elementor-element elementor-element-fa6fc37 e-con-full e-flex e-con e-parent\" data-id=\"fa6fc37\" data-element_type=\"container\" data-e-type=\"container\">\n\t\t<div class=\"elementor-element elementor-element-87aaf36 e-con-full e-flex e-con e-child\" data-id=\"87aaf36\" data-element_type=\"container\" data-e-type=\"container\">\n\t\t<div class=\"elementor-element elementor-element-cabad58 e-con-full e-flex e-con e-child\" data-id=\"cabad58\" data-element_type=\"container\" data-e-type=\"container\" data-settings=\"{&quot;background_background&quot;:&quot;classic&quot;}\">\n\t\t\t\t<\/div>\n\t\t<div class=\"elementor-element elementor-element-782a176 e-con-full e-flex e-con e-child\" data-id=\"782a176\" data-element_type=\"container\" data-e-type=\"container\">\n\t\t\t\t<div class=\"elementor-element elementor-element-276ca8e elementor-widget elementor-widget-gva-heading-block\" data-id=\"276ca8e\" data-element_type=\"widget\" data-e-type=\"widget\" data-widget_type=\"gva-heading-block.default\">\n\t\t\t\t<div class=\"elementor-widget-container\">\n\t\t\t\t\t<div class=\"gva-element-gva-heading-block gva-element\">   <div class=\"align-left style-2 widget gsc-heading box-align-left auto-responsive\">\r\n      <div class=\"content-inner\">\r\n         \r\n                  \r\n         <div class=\"sub-title\"><span class=\"tagline\">KonzertSommer: 13. September 2026<\/span><\/div>  \r\n         \r\n                     <h5 class=\"title\">\r\n               <span>Gospelchor Bad Sachsa<\/span>\r\n            <\/h5>\r\n                  \r\n                     <div class=\"title-desc\"><ul><li>Ort: Lutherhaus Bad Sachsa<\/li><li>Wann: 13.09.2026<\/li>\n<li>Uhrzeit: 15.30 - 16.30 Uhr<\/li>\n<li>Musik: Zeitlose Klassiker<\/li>\n<li>14 S\u00e4ngerinnen und S\u00e4nger pr\u00e4sentieren Gospels und Popsongs<\/li>\n<li>Kosten: Eintritt frei<\/li><\/div>\r\n         \r\n         \r\n      <\/div>\r\n   <\/div>\r\n<\/div>\t\t\t\t<\/div>\n\t\t\t\t<\/div>\n\t\t\t\t<div class=\"elementor-element elementor-element-f71c530 elementor-icon-list--layout-traditional elementor-list-item-link-full_width elementor-widget elementor-widget-icon-list\" data-id=\"f71c530\" data-element_type=\"widget\" data-e-type=\"widget\" data-widget_type=\"icon-list.default\">\n\t\t\t\t<div class=\"elementor-widget-container\">\n\t\t\t\t\t\t\t<ul class=\"elementor-icon-list-items\">\n\t\t\t\t\t\t\t<li class=\"elementor-icon-list-item\">\n\t\t\t\t\t\t\t\t\t\t\t<a href=\"\/wp-content\/uploads\/sites\/4\/2026\/05\/Plakat_konzertsommer_13-sept-2026.pdf\">\n\n\t\t\t\t\t\t\t\t\t\t\t\t<span class=\"elementor-icon-list-icon\">\n\t\t\t\t\t\t\t<svg aria-hidden=\"true\" class=\"e-font-icon-svg e-far-arrow-alt-circle-right\" viewBox=\"0 0 512 512\" xmlns=\"http:\/\/www.w3.org\/2000\/svg\"><path d=\"M504 256C504 119 393 8 256 8S8 119 8 256s111 248 248 248 248-111 248-248zm-448 0c0-110.5 89.5-200 200-200s200 89.5 200 200-89.5 200-200 200S56 366.5 56 256zm72 20v-40c0-6.6 5.4-12 12-12h116v-67c0-10.7 12.9-16 20.5-8.5l99 99c4.7 4.7 4.7 12.3 0 17l-99 99c-7.6 7.6-20.5 2.2-20.5-8.5v-67H140c-6.6 0-12-5.4-12-12z\"><\/path><\/svg>\t\t\t\t\t\t<\/span>\n\t\t\t\t\t\t\t\t\t\t<span class=\"elementor-icon-list-text\">Download the poster (PDF)<\/span>\n\t\t\t\t\t\t\t\t\t\t\t<\/a>\n\t\t\t\t\t\t\t\t\t<\/li>\n\t\t\t\t\t\t<\/ul>\n\t\t\t\t\t\t<\/div>\n\t\t\t\t<\/div>\n\t\t\t\t<\/div>\n\t\t\t\t<\/div>\n\t\t\t\t<\/div>\n\t\t<div class=\"elementor-element elementor-element-2b24417 e-flex e-con-boxed e-con e-parent\" data-id=\"2b24417\" data-element_type=\"container\" data-e-type=\"container\" data-settings=\"{&quot;background_background&quot;:&quot;classic&quot;}\">\n\t\t\t\t\t<div class=\"e-con-inner\">\n\t\t<div class=\"elementor-element elementor-element-b586756 e-con-full e-flex e-con e-child\" data-id=\"b586756\" data-element_type=\"container\" data-e-type=\"container\">\n\t\t\t\t<\/div>\n\t\t<div class=\"elementor-element elementor-element-3297521 e-con-full e-flex e-con e-child\" data-id=\"3297521\" data-element_type=\"container\" data-e-type=\"container\">\n\t\t\t\t<div class=\"elementor-element elementor-element-2f40493 elementor-widget__width-initial elementor-icon-list--layout-traditional elementor-list-item-link-full_width elementor-widget elementor-widget-icon-list\" data-id=\"2f40493\" data-element_type=\"widget\" data-e-type=\"widget\" data-widget_type=\"icon-list.default\">\n\t\t\t\t<div class=\"elementor-widget-container\">\n\t\t\t\t\t\t\t<ul class=\"elementor-icon-list-items\">\n\t\t\t\t\t\t\t<li class=\"elementor-icon-list-item\">\n\t\t\t\t\t\t\t\t\t\t\t<span class=\"elementor-icon-list-icon\">\n\t\t\t\t\t\t\t<svg aria-hidden=\"true\" class=\"e-font-icon-svg e-far-calendar-check\" viewBox=\"0 0 448 512\" xmlns=\"http:\/\/www.w3.org\/2000\/svg\"><path d=\"M400 64h-48V12c0-6.627-5.373-12-12-12h-40c-6.627 0-12 5.373-12 12v52H160V12c0-6.627-5.373-12-12-12h-40c-6.627 0-12 5.373-12 12v52H48C21.49 64 0 85.49 0 112v352c0 26.51 21.49 48 48 48h352c26.51 0 48-21.49 48-48V112c0-26.51-21.49-48-48-48zm-6 400H54a6 6 0 0 1-6-6V160h352v298a6 6 0 0 1-6 6zm-52.849-200.65L198.842 404.519c-4.705 4.667-12.303 4.637-16.971-.068l-75.091-75.699c-4.667-4.705-4.637-12.303.068-16.971l22.719-22.536c4.705-4.667 12.303-4.637 16.97.069l44.104 44.461 111.072-110.181c4.705-4.667 12.303-4.637 16.971.068l22.536 22.718c4.667 4.705 4.636 12.303-.069 16.97z\"><\/path><\/svg>\t\t\t\t\t\t<\/span>\n\t\t\t\t\t\t\t\t\t\t<span class=\"elementor-icon-list-text\">All Events at a Glance<\/span>\n\t\t\t\t\t\t\t\t\t<\/li>\n\t\t\t\t\t\t<\/ul>\n\t\t\t\t\t\t<\/div>\n\t\t\t\t<\/div>\n\t\t\t\t<div class=\"elementor-element elementor-element-0b1af79 elementor-widget elementor-widget-text-editor\" data-id=\"0b1af79\" data-element_type=\"widget\" data-e-type=\"widget\" data-widget_type=\"text-editor.default\">\n\t\t\t\t<div class=\"elementor-widget-container\">\n\t\t\t\t\t\t\t\t\t<p>In our calendar of events, you&#8217;ll find all the events taking place in the Southern Harz. Whether it&#8217;s concerts, exhibitions, guided hikes, or markets\u2014the Harz offers a diverse cultural program <\/p>\t\t\t\t\t\t\t\t<\/div>\n\t\t\t\t<\/div>\n\t\t\t\t<div class=\"elementor-element elementor-element-661a01d elementor-mobile-align-start elementor-icon-list--layout-traditional elementor-list-item-link-full_width elementor-widget elementor-widget-icon-list\" data-id=\"661a01d\" data-element_type=\"widget\" data-e-type=\"widget\" data-widget_type=\"icon-list.default\">\n\t\t\t\t<div class=\"elementor-widget-container\">\n\t\t\t\t\t\t\t<ul class=\"elementor-icon-list-items\">\n\t\t\t\t\t\t\t<li class=\"elementor-icon-list-item\">\n\t\t\t\t\t\t\t\t\t\t\t<a href=\"https:\/\/www.bad-sachsa.de\/en\/event-calendar\/\">\n\n\t\t\t\t\t\t\t\t\t\t\t\t<span class=\"elementor-icon-list-icon\">\n\t\t\t\t\t\t\t<svg aria-hidden=\"true\" class=\"e-font-icon-svg e-far-arrow-alt-circle-right\" viewBox=\"0 0 512 512\" xmlns=\"http:\/\/www.w3.org\/2000\/svg\"><path d=\"M504 256C504 119 393 8 256 8S8 119 8 256s111 248 248 248 248-111 248-248zm-448 0c0-110.5 89.5-200 200-200s200 89.5 200 200-89.5 200-200 200S56 366.5 56 256zm72 20v-40c0-6.6 5.4-12 12-12h116v-67c0-10.7 12.9-16 20.5-8.5l99 99c4.7 4.7 4.7 12.3 0 17l-99 99c-7.6 7.6-20.5 2.2-20.5-8.5v-67H140c-6.6 0-12-5.4-12-12z\"><\/path><\/svg>\t\t\t\t\t\t<\/span>\n\t\t\t\t\t\t\t\t\t\t<span class=\"elementor-icon-list-text\">To the Event Calendar<\/span>\n\t\t\t\t\t\t\t\t\t\t\t<\/a>\n\t\t\t\t\t\t\t\t\t<\/li>\n\t\t\t\t\t\t<\/ul>\n\t\t\t\t\t\t<\/div>\n\t\t\t\t<\/div>\n\t\t\t\t<\/div>\n\t\t<div class=\"elementor-element elementor-element-a203a32 e-con-full e-flex e-con e-child\" data-id=\"a203a32\" data-element_type=\"container\" data-e-type=\"container\">\n\t\t\t\t<\/div>\n\t\t\t\t\t<\/div>\n\t\t\t\t<\/div>\n\t\t\t\t<section class=\"elementor-section elementor-top-section elementor-element elementor-element-1d1923a elementor-section-full_width elementor-hidden-tablet elementor-hidden-mobile elementor-section-height-default elementor-section-height-default\" data-id=\"1d1923a\" data-element_type=\"section\" data-e-type=\"section\" data-settings=\"{&quot;background_background&quot;:&quot;classic&quot;}\">\n\t\t\t\t\t\t\t<div class=\"elementor-background-overlay\"><\/div>\n\t\t\t\t\t\t\t<div class=\"elementor-container elementor-column-gap-no\">\n\t\t\t\t\t<div class=\"elementor-column elementor-col-100 elementor-top-column elementor-element elementor-element-e5c64c1\" data-id=\"e5c64c1\" data-element_type=\"column\" data-e-type=\"column\">\n\t\t\t<div class=\"elementor-widget-wrap elementor-element-populated\">\n\t\t\t\t\t\t<div class=\"elementor-element elementor-element-fcb8ca9 elementor-widget elementor-widget-spacer\" data-id=\"fcb8ca9\" data-element_type=\"widget\" data-e-type=\"widget\" data-widget_type=\"spacer.default\">\n\t\t\t\t<div class=\"elementor-widget-container\">\n\t\t\t\t\t\t\t<div class=\"elementor-spacer\">\n\t\t\t<div class=\"elementor-spacer-inner\"><\/div>\n\t\t<\/div>\n\t\t\t\t\t\t<\/div>\n\t\t\t\t<\/div>\n\t\t\t\t\t<\/div>\n\t\t<\/div>\n\t\t\t\t\t<\/div>\n\t\t<\/section>\n\t\t<div class=\"elementor-element elementor-element-8eb1d02 e-flex e-con-boxed e-con e-parent\" data-id=\"8eb1d02\" data-element_type=\"container\" data-e-type=\"container\">\n\t\t\t\t\t<div class=\"e-con-inner\">\n\t\t\t\t<div class=\"elementor-element elementor-element-860c1c6 elementor-widget elementor-widget-spacer\" data-id=\"860c1c6\" data-element_type=\"widget\" data-e-type=\"widget\" data-widget_type=\"spacer.default\">\n\t\t\t\t<div class=\"elementor-widget-container\">\n\t\t\t\t\t\t\t<div class=\"elementor-spacer\">\n\t\t\t<div class=\"elementor-spacer-inner\"><\/div>\n\t\t<\/div>\n\t\t\t\t\t\t<\/div>\n\t\t\t\t<\/div>\n\t\t\t\t\t<\/div>\n\t\t\t\t<\/div>\n\t\t<div class=\"elementor-element elementor-element-ae016cf e-flex e-con-boxed e-con e-parent\" data-id=\"ae016cf\" data-element_type=\"container\" data-e-type=\"container\">\n\t\t\t\t\t<div class=\"e-con-inner\">\n\t\t<div class=\"elementor-element elementor-element-2b9ec95 e-con-full e-flex e-con e-child\" data-id=\"2b9ec95\" data-element_type=\"container\" data-e-type=\"container\">\n\t\t\t\t<div class=\"elementor-element elementor-element-f268289 elementor-widget elementor-widget-image\" data-id=\"f268289\" data-element_type=\"widget\" data-e-type=\"widget\" data-widget_type=\"image.default\">\n\t\t\t\t<div class=\"elementor-widget-container\">\n\t\t\t\t\t\t\t\t\t\t\t\t\t\t\t<img fetchpriority=\"high\" decoding=\"async\" width=\"900\" height=\"600\" src=\"https:\/\/www.bad-sachsa.de\/wp-content\/uploads\/sites\/4\/2025\/07\/BSA_Vitalpark-Paar-geht-spazieren\u00a9Tobias-Brabanski-NORDSTADTLICHT-67-1024x683.jpg\" class=\"attachment-large size-large wp-image-6155\" alt=\"Paar macht einen Spaziergang im Vitalpark\" srcset=\"https:\/\/www.bad-sachsa.de\/wp-content\/uploads\/sites\/4\/2025\/07\/BSA_Vitalpark-Paar-geht-spazieren\u00a9Tobias-Brabanski-NORDSTADTLICHT-67-1024x683.jpg 1024w, https:\/\/www.bad-sachsa.de\/wp-content\/uploads\/sites\/4\/2025\/07\/BSA_Vitalpark-Paar-geht-spazieren\u00a9Tobias-Brabanski-NORDSTADTLICHT-67-768x512.jpg 768w, https:\/\/www.bad-sachsa.de\/wp-content\/uploads\/sites\/4\/2025\/07\/BSA_Vitalpark-Paar-geht-spazieren\u00a9Tobias-Brabanski-NORDSTADTLICHT-67.jpg 1500w\" sizes=\"(max-width: 900px) 100vw, 900px\" \/>\t\t\t\t\t\t\t\t\t\t\t\t\t\t\t<\/div>\n\t\t\t\t<\/div>\n\t\t\t\t<\/div>\n\t\t<div class=\"elementor-element elementor-element-3d233c4 e-con-full e-flex e-con e-child\" data-id=\"3d233c4\" data-element_type=\"container\" data-e-type=\"container\">\n\t\t\t\t<div class=\"elementor-element elementor-element-87cf461 elementor-widget elementor-widget-heading\" data-id=\"87cf461\" data-element_type=\"widget\" data-e-type=\"widget\" data-widget_type=\"heading.default\">\n\t\t\t\t<div class=\"elementor-widget-container\">\n\t\t\t\t\t<h5 class=\"elementor-heading-title elementor-size-default\">Vitalpark Bad Sachsa - Relaxation and Activities<\/h5>\t\t\t\t<\/div>\n\t\t\t\t<\/div>\n\t\t\t\t<div class=\"elementor-element elementor-element-294cf78 elementor-widget-divider--view-line elementor-widget elementor-widget-divider\" data-id=\"294cf78\" data-element_type=\"widget\" data-e-type=\"widget\" data-widget_type=\"divider.default\">\n\t\t\t\t<div class=\"elementor-widget-container\">\n\t\t\t\t\t\t\t<div class=\"elementor-divider\">\n\t\t\t<span class=\"elementor-divider-separator\">\n\t\t\t\t\t\t<\/span>\n\t\t<\/div>\n\t\t\t\t\t\t<\/div>\n\t\t\t\t<\/div>\n\t\t\t\t<div class=\"elementor-element elementor-element-a86365b elementor-widget elementor-widget-text-editor\" data-id=\"a86365b\" data-element_type=\"widget\" data-e-type=\"widget\" data-widget_type=\"text-editor.default\">\n\t\t\t\t<div class=\"elementor-widget-container\">\n\t\t\t\t\t\t\t\t\t<p>At the beautifully designed Vitalpark Bad Sachsa, you can, for one thing, <em><strong>play mini-golf<\/strong><\/em> and <em><strong>go pedal boating<\/strong><\/em> , and there\u2019s also an <em><strong>outdoor fitness area<\/strong><\/em>, a <em><strong>barefoot trail<\/strong> <\/em>and a <em><strong>water treading area<\/strong><\/em>. Afterward, you can relax on the comfortable <em><strong>relaxation benches<\/strong><\/em> to unwind and relax. <\/p>\t\t\t\t\t\t\t\t<\/div>\n\t\t\t\t<\/div>\n\t\t\t\t<div class=\"elementor-element elementor-element-43f91c7 elementor-icon-list--layout-traditional elementor-list-item-link-full_width elementor-widget elementor-widget-icon-list\" data-id=\"43f91c7\" data-element_type=\"widget\" data-e-type=\"widget\" data-widget_type=\"icon-list.default\">\n\t\t\t\t<div class=\"elementor-widget-container\">\n\t\t\t\t\t\t\t<ul class=\"elementor-icon-list-items\">\n\t\t\t\t\t\t\t<li class=\"elementor-icon-list-item\">\n\t\t\t\t\t\t\t\t\t\t\t<a href=\"https:\/\/www.bad-sachsa.de\/en\/vitalpark\/\">\n\n\t\t\t\t\t\t\t\t\t\t\t\t<span class=\"elementor-icon-list-icon\">\n\t\t\t\t\t\t\t<svg aria-hidden=\"true\" class=\"e-font-icon-svg e-far-arrow-alt-circle-right\" viewBox=\"0 0 512 512\" xmlns=\"http:\/\/www.w3.org\/2000\/svg\"><path d=\"M504 256C504 119 393 8 256 8S8 119 8 256s111 248 248 248 248-111 248-248zm-448 0c0-110.5 89.5-200 200-200s200 89.5 200 200-89.5 200-200 200S56 366.5 56 256zm72 20v-40c0-6.6 5.4-12 12-12h116v-67c0-10.7 12.9-16 20.5-8.5l99 99c4.7 4.7 4.7 12.3 0 17l-99 99c-7.6 7.6-20.5 2.2-20.5-8.5v-67H140c-6.6 0-12-5.4-12-12z\"><\/path><\/svg>\t\t\t\t\t\t<\/span>\n\t\t\t\t\t\t\t\t\t\t<span class=\"elementor-icon-list-text\">Learn more<\/span>\n\t\t\t\t\t\t\t\t\t\t\t<\/a>\n\t\t\t\t\t\t\t\t\t<\/li>\n\t\t\t\t\t\t<\/ul>\n\t\t\t\t\t\t<\/div>\n\t\t\t\t<\/div>\n\t\t\t\t<\/div>\n\t\t\t\t\t<\/div>\n\t\t\t\t<\/div>\n\t\t<div class=\"elementor-element elementor-element-0883f02 e-flex e-con-boxed e-con e-parent\" data-id=\"0883f02\" data-element_type=\"container\" data-e-type=\"container\">\n\t\t\t\t\t<div class=\"e-con-inner\">\n\t\t\t\t<div class=\"elementor-element elementor-element-38d6a42 elementor-widget elementor-widget-spacer\" data-id=\"38d6a42\" data-element_type=\"widget\" data-e-type=\"widget\" data-widget_type=\"spacer.default\">\n\t\t\t\t<div class=\"elementor-widget-container\">\n\t\t\t\t\t\t\t<div class=\"elementor-spacer\">\n\t\t\t<div class=\"elementor-spacer-inner\"><\/div>\n\t\t<\/div>\n\t\t\t\t\t\t<\/div>\n\t\t\t\t<\/div>\n\t\t\t\t\t<\/div>\n\t\t\t\t<\/div>\n\t\t\t\t<\/div>\n\t\t","protected":false},"excerpt":{"rendered":"<p>Bad Sachsa Summer Concert Series The legendary series of events featuring music and entertainment In the summer of 2026, there will once again be fantastic concerts as part of the KonzertSommer festival in Bad Sachsa. Various artists will create a lively atmosphere with spectacular music at the Vitalpark Bad Sachsa or at the Kursaal Bad [&hellip;]<\/p>\n","protected":false},"author":4,"featured_media":2162,"parent":0,"menu_order":0,"comment_status":"closed","ping_status":"closed","template":"elementor_header_footer","meta":{"_acf_changed":false,"footnotes":""},"class_list":["post-7348","page","type-page","status-publish","has-post-thumbnail","hentry"],"acf":[],"yoast_head":"<!-- This site is optimized with the Yoast SEO plugin v26.1.1 - https:\/\/yoast.com\/wordpress\/plugins\/seo\/ -->\n<title>Concert Summer | Vacation in Bad Sachsa<\/title>\n<meta name=\"description\" content=\"During the summer months, various concerts are held at Vitalpark as part of the &quot;Concert Summer at Vitalpark Bad Sachsa&quot; series.\" \/>\n<meta name=\"robots\" content=\"index, follow, max-snippet:-1, max-image-preview:large, max-video-preview:-1\" \/>\n<link rel=\"canonical\" href=\"https:\/\/www.bad-sachsa.de\/en\/concert-summer\/\" \/>\n<meta property=\"og:locale\" content=\"en_US\" \/>\n<meta property=\"og:type\" content=\"article\" \/>\n<meta property=\"og:title\" content=\"Concert Summer | Vacation in Bad Sachsa\" \/>\n<meta property=\"og:description\" content=\"During the summer months, various concerts are held at Vitalpark as part of the &quot;Concert Summer at Vitalpark Bad Sachsa&quot; series.\" \/>\n<meta property=\"og:url\" content=\"https:\/\/www.bad-sachsa.de\/en\/concert-summer\/\" \/>\n<meta property=\"og:site_name\" content=\"Urlaub in Bad Sachsa\" \/>\n<meta property=\"article:modified_time\" content=\"2026-09-03T06:01:34+00:00\" \/>\n<meta property=\"og:image\" content=\"https:\/\/www.bad-sachsa.de\/wp-content\/uploads\/sites\/4\/2026\/02\/BSA_Konzert_Herz-Hand_header\u00a9pongsakorn_jun26_stock.adobe_.com_115650696.jpg\" \/>\n\t<meta property=\"og:image:width\" content=\"1920\" \/>\n\t<meta property=\"og:image:height\" content=\"540\" \/>\n\t<meta property=\"og:image:type\" content=\"image\/jpeg\" \/>\n<meta name=\"twitter:card\" content=\"summary_large_image\" \/>\n<meta name=\"twitter:label1\" content=\"Est. reading time\" \/>\n\t<meta name=\"twitter:data1\" content=\"2 minutes\" \/>\n<script type=\"application\/ld+json\" class=\"yoast-schema-graph\">{\"@context\":\"https:\/\/schema.org\",\"@graph\":[{\"@type\":\"WebPage\",\"@id\":\"https:\/\/www.bad-sachsa.de\/en\/concert-summer\/\",\"url\":\"https:\/\/www.bad-sachsa.de\/en\/concert-summer\/\",\"name\":\"Concert Summer | Vacation in Bad Sachsa\",\"isPartOf\":{\"@id\":\"https:\/\/www.bad-sachsa.de\/en\/#website\"},\"primaryImageOfPage\":{\"@id\":\"https:\/\/www.bad-sachsa.de\/en\/concert-summer\/#primaryimage\"},\"image\":{\"@id\":\"https:\/\/www.bad-sachsa.de\/en\/concert-summer\/#primaryimage\"},\"thumbnailUrl\":\"https:\/\/www.bad-sachsa.de\/wp-content\/uploads\/sites\/4\/2026\/02\/BSA_Konzert_Herz-Hand_header\u00a9pongsakorn_jun26_stock.adobe_.com_115650696.jpg\",\"datePublished\":\"2025-09-18T09:11:02+00:00\",\"dateModified\":\"2026-09-03T06:01:34+00:00\",\"description\":\"During the summer months, various concerts are held at Vitalpark as part of the \\\"Concert Summer at Vitalpark Bad Sachsa\\\" series.\",\"breadcrumb\":{\"@id\":\"https:\/\/www.bad-sachsa.de\/en\/concert-summer\/#breadcrumb\"},\"inLanguage\":\"en-US\",\"potentialAction\":[{\"@type\":\"ReadAction\",\"target\":[\"https:\/\/www.bad-sachsa.de\/en\/concert-summer\/\"]}]},{\"@type\":\"ImageObject\",\"inLanguage\":\"en-US\",\"@id\":\"https:\/\/www.bad-sachsa.de\/en\/concert-summer\/#primaryimage\",\"url\":\"https:\/\/www.bad-sachsa.de\/wp-content\/uploads\/sites\/4\/2026\/02\/BSA_Konzert_Herz-Hand_header\u00a9pongsakorn_jun26_stock.adobe_.com_115650696.jpg\",\"contentUrl\":\"https:\/\/www.bad-sachsa.de\/wp-content\/uploads\/sites\/4\/2026\/02\/BSA_Konzert_Herz-Hand_header\u00a9pongsakorn_jun26_stock.adobe_.com_115650696.jpg\",\"width\":1920,\"height\":540,\"caption\":\"H\u00e4nde formen ein Herz auf einer Veranstaltung\"},{\"@type\":\"BreadcrumbList\",\"@id\":\"https:\/\/www.bad-sachsa.de\/en\/concert-summer\/#breadcrumb\",\"itemListElement\":[{\"@type\":\"ListItem\",\"position\":1,\"name\":\"Startseite\",\"item\":\"https:\/\/www.bad-sachsa.de\/en\/welcome\/\"},{\"@type\":\"ListItem\",\"position\":2,\"name\":\"Concert Summer\"}]},{\"@type\":\"WebSite\",\"@id\":\"https:\/\/www.bad-sachsa.de\/en\/#website\",\"url\":\"https:\/\/www.bad-sachsa.de\/en\/\",\"name\":\"Urlaub in Bad Sachsa\",\"description\":\"Natur, Aktivit\u00e4ten und Erholung im S\u00fcdharz\",\"publisher\":{\"@id\":\"https:\/\/www.bad-sachsa.de\/en\/#organization\"},\"potentialAction\":[{\"@type\":\"SearchAction\",\"target\":{\"@type\":\"EntryPoint\",\"urlTemplate\":\"https:\/\/www.bad-sachsa.de\/en\/?s={search_term_string}\"},\"query-input\":{\"@type\":\"PropertyValueSpecification\",\"valueRequired\":true,\"valueName\":\"search_term_string\"}}],\"inLanguage\":\"en-US\"},{\"@type\":\"Organization\",\"@id\":\"https:\/\/www.bad-sachsa.de\/en\/#organization\",\"name\":\"Urlaub in Bad Sachsa\",\"url\":\"https:\/\/www.bad-sachsa.de\/en\/\",\"logo\":{\"@type\":\"ImageObject\",\"inLanguage\":\"en-US\",\"@id\":\"https:\/\/www.bad-sachsa.de\/en\/#\/schema\/logo\/image\/\",\"url\":\"https:\/\/www.bad-sachsa.de\/wp-content\/uploads\/sites\/4\/2026\/04\/cropped-Bad-Sachsa-Logo_header.jpg\",\"contentUrl\":\"https:\/\/www.bad-sachsa.de\/wp-content\/uploads\/sites\/4\/2026\/04\/cropped-Bad-Sachsa-Logo_header.jpg\",\"width\":1260,\"height\":555,\"caption\":\"Urlaub in Bad Sachsa\"},\"image\":{\"@id\":\"https:\/\/www.bad-sachsa.de\/en\/#\/schema\/logo\/image\/\"}}]}<\/script>\n<!-- \/ Yoast SEO plugin. -->","yoast_head_json":{"title":"Concert Summer | Vacation in Bad Sachsa","description":"During the summer months, various concerts are held at Vitalpark as part of the \"Concert Summer at Vitalpark Bad Sachsa\" series.","robots":{"index":"index","follow":"follow","max-snippet":"max-snippet:-1","max-image-preview":"max-image-preview:large","max-video-preview":"max-video-preview:-1"},"canonical":"https:\/\/www.bad-sachsa.de\/en\/concert-summer\/","og_locale":"en_US","og_type":"article","og_title":"Concert Summer | Vacation in Bad Sachsa","og_description":"During the summer months, various concerts are held at Vitalpark as part of the \"Concert Summer at Vitalpark Bad Sachsa\" series.","og_url":"https:\/\/www.bad-sachsa.de\/en\/concert-summer\/","og_site_name":"Urlaub in Bad Sachsa","article_modified_time":"2026-09-03T06:01:34+00:00","og_image":[{"width":1920,"height":540,"url":"https:\/\/www.bad-sachsa.de\/wp-content\/uploads\/sites\/4\/2026\/02\/BSA_Konzert_Herz-Hand_header\u00a9pongsakorn_jun26_stock.adobe_.com_115650696.jpg","type":"image\/jpeg"}],"twitter_card":"summary_large_image","twitter_misc":{"Est. reading time":"2 minutes"},"schema":{"@context":"https:\/\/schema.org","@graph":[{"@type":"WebPage","@id":"https:\/\/www.bad-sachsa.de\/en\/concert-summer\/","url":"https:\/\/www.bad-sachsa.de\/en\/concert-summer\/","name":"Concert Summer | Vacation in Bad Sachsa","isPartOf":{"@id":"https:\/\/www.bad-sachsa.de\/en\/#website"},"primaryImageOfPage":{"@id":"https:\/\/www.bad-sachsa.de\/en\/concert-summer\/#primaryimage"},"image":{"@id":"https:\/\/www.bad-sachsa.de\/en\/concert-summer\/#primaryimage"},"thumbnailUrl":"https:\/\/www.bad-sachsa.de\/wp-content\/uploads\/sites\/4\/2026\/02\/BSA_Konzert_Herz-Hand_header\u00a9pongsakorn_jun26_stock.adobe_.com_115650696.jpg","datePublished":"2025-09-18T09:11:02+00:00","dateModified":"2026-09-03T06:01:34+00:00","description":"During the summer months, various concerts are held at Vitalpark as part of the \"Concert Summer at Vitalpark Bad Sachsa\" series.","breadcrumb":{"@id":"https:\/\/www.bad-sachsa.de\/en\/concert-summer\/#breadcrumb"},"inLanguage":"en-US","potentialAction":[{"@type":"ReadAction","target":["https:\/\/www.bad-sachsa.de\/en\/concert-summer\/"]}]},{"@type":"ImageObject","inLanguage":"en-US","@id":"https:\/\/www.bad-sachsa.de\/en\/concert-summer\/#primaryimage","url":"https:\/\/www.bad-sachsa.de\/wp-content\/uploads\/sites\/4\/2026\/02\/BSA_Konzert_Herz-Hand_header\u00a9pongsakorn_jun26_stock.adobe_.com_115650696.jpg","contentUrl":"https:\/\/www.bad-sachsa.de\/wp-content\/uploads\/sites\/4\/2026\/02\/BSA_Konzert_Herz-Hand_header\u00a9pongsakorn_jun26_stock.adobe_.com_115650696.jpg","width":1920,"height":540,"caption":"H\u00e4nde formen ein Herz auf einer Veranstaltung"},{"@type":"BreadcrumbList","@id":"https:\/\/www.bad-sachsa.de\/en\/concert-summer\/#breadcrumb","itemListElement":[{"@type":"ListItem","position":1,"name":"Startseite","item":"https:\/\/www.bad-sachsa.de\/en\/welcome\/"},{"@type":"ListItem","position":2,"name":"Concert Summer"}]},{"@type":"WebSite","@id":"https:\/\/www.bad-sachsa.de\/en\/#website","url":"https:\/\/www.bad-sachsa.de\/en\/","name":"Urlaub in Bad Sachsa","description":"Natur, Aktivit\u00e4ten und Erholung im S\u00fcdharz","publisher":{"@id":"https:\/\/www.bad-sachsa.de\/en\/#organization"},"potentialAction":[{"@type":"SearchAction","target":{"@type":"EntryPoint","urlTemplate":"https:\/\/www.bad-sachsa.de\/en\/?s={search_term_string}"},"query-input":{"@type":"PropertyValueSpecification","valueRequired":true,"valueName":"search_term_string"}}],"inLanguage":"en-US"},{"@type":"Organization","@id":"https:\/\/www.bad-sachsa.de\/en\/#organization","name":"Urlaub in Bad Sachsa","url":"https:\/\/www.bad-sachsa.de\/en\/","logo":{"@type":"ImageObject","inLanguage":"en-US","@id":"https:\/\/www.bad-sachsa.de\/en\/#\/schema\/logo\/image\/","url":"https:\/\/www.bad-sachsa.de\/wp-content\/uploads\/sites\/4\/2026\/04\/cropped-Bad-Sachsa-Logo_header.jpg","contentUrl":"https:\/\/www.bad-sachsa.de\/wp-content\/uploads\/sites\/4\/2026\/04\/cropped-Bad-Sachsa-Logo_header.jpg","width":1260,"height":555,"caption":"Urlaub in Bad Sachsa"},"image":{"@id":"https:\/\/www.bad-sachsa.de\/en\/#\/schema\/logo\/image\/"}}]}},"_links":{"self":[{"href":"https:\/\/www.bad-sachsa.de\/en\/wp-json\/wp\/v2\/pages\/7348","targetHints":{"allow":["GET"]}}],"collection":[{"href":"https:\/\/www.bad-sachsa.de\/en\/wp-json\/wp\/v2\/pages"}],"about":[{"href":"https:\/\/www.bad-sachsa.de\/en\/wp-json\/wp\/v2\/types\/page"}],"author":[{"embeddable":true,"href":"https:\/\/www.bad-sachsa.de\/en\/wp-json\/wp\/v2\/users\/4"}],"replies":[{"embeddable":true,"href":"https:\/\/www.bad-sachsa.de\/en\/wp-json\/wp\/v2\/comments?post=7348"}],"version-history":[{"count":1,"href":"https:\/\/www.bad-sachsa.de\/en\/wp-json\/wp\/v2\/pages\/7348\/revisions"}],"predecessor-version":[{"id":7349,"href":"https:\/\/www.bad-sachsa.de\/en\/wp-json\/wp\/v2\/pages\/7348\/revisions\/7349"}],"wp:featuredmedia":[{"embeddable":true,"href":"https:\/\/www.bad-sachsa.de\/en\/wp-json\/wp\/v2\/media\/2162"}],"wp:attachment":[{"href":"https:\/\/www.bad-sachsa.de\/en\/wp-json\/wp\/v2\/media?parent=7348"}],"curies":[{"name":"wp","href":"https:\/\/api.w.org\/{rel}","templated":true}]}}